{"id":19519,"date":"2025-07-14T12:32:36","date_gmt":"2025-07-14T10:32:36","guid":{"rendered":"https:\/\/quercusjardiners.com\/servicio-jardineria-jardineros-comunidades\/"},"modified":"2025-07-14T12:37:33","modified_gmt":"2025-07-14T10:37:33","slug":"servicio-jardineria-jardineros-comunidades","status":"publish","type":"page","link":"https:\/\/quercusjardiners.com\/ca\/servicio-jardineria-jardineros-comunidades\/","title":{"rendered":"Servei de jardineria per a comunitats de ve\u00efns"},"content":{"rendered":"<div class=\"vgblk-rw-wrapper limit-wrapper\">\n<h2>\n\t\t\t<a href=\"https:\/\/quercusjardiners.com\/servicios\/mantenimiento\/\" title=\"Mantenimiento de jardines y terrazas para tu comunidad de propietarios\" target=\"_self\">\n\tMantenimiento de jardines y terrazas para tu comunidad de propietarios\n\t\t\t<\/a>\n\t<\/h2>\n\t<p>Quercus Jardiners realiza el mantenimiento de jardines y terrazas comunitarios. Tambi\u00e9n realizamos podas, reemplazamos plantas muertas, quitamos \u00e1rboles y hacemos tratamientos fitosanitarios en caso de que haya una plaga en la zona verde de la comunidad.<\/p>\n\t<a href=\"https:\/\/quercusjardiners.com\/ca\/contacte\/\" target=\"_self\" role=\"button\">\n\t\t\t\t\tLo quiero\n\t<\/a>\n<h2>\n\t\t\t<a href=\"https:\/\/quercusjardiners.com\/ca\/serveis\/jardins-i-terrasses\/\" title=\"Dise\u00f1amos espacios exteriores para comunidades\" target=\"_self\">\n\tDise\u00f1amos espacios exteriores para comunidades\n\t\t\t<\/a>\n\t<\/h2>\n\t<p>\u00bfVas a construir un edificio y quieres que tenga el mejor jard\u00edn de la zona? Dise\u00f1amos nuevos espacios verdes con todo incluido: c\u00e9sped artificial o natural, tarima, p\u00e9rgola, toldo, \u00e1rboles, conjuntos de plantas y riego autom\u00e1tico. Los vecinos estar\u00e1n encantados con la zona verde de la comunidad de vecinos.<\/p>\n\t<a href=\"https:\/\/quercusjardiners.com\/ca\/contacte\/\" target=\"_self\" role=\"button\">\n\t\t\t\t\tMe interesa\n\t<\/a>\n<h2>\n\t\t\t<a href=\"https:\/\/quercusjardiners.com\/ca\/serveis\/gespa-artificial\/\" title=\"C\u00e9sped artificial en la comunidad\" target=\"_self\">\n\tC\u00e9sped artificial en la comunidad\n\t\t\t<\/a>\n\t<\/h2>\n\t<p>Quercus Jardiners os ofrece diferentes modelos de c\u00e9sped artificial con varias alturas y densidades para instalar el mejor c\u00e9sped artificial en el jard\u00edn o terraza comunitarios. El verde nunca hab\u00eda sido tan verde apetecible para los vecinos de la comunidad.<\/p>\n\t<a href=\"https:\/\/quercusjardiners.com\/ca\/contacte\/\" target=\"_self\" role=\"button\">\n\t\t\t\t\tLo quiero\n\t<\/a>\n<h2>\n\t\t\t<a href=\"https:\/\/quercusjardiners.com\/ca\/serveis\/tarimes-i-pergoles\/\" title=\"Tarimas y p\u00e9rgolas para la terraza de la comunidad de vecinos\" target=\"_self\">\n\tTarimas y p\u00e9rgolas para la terraza de la comunidad de vecinos\n\t\t\t<\/a>\n\t<\/h2>\n\t<p>\u00a0Escoge la tarima que m\u00e1s te guste alrededor de la piscina y comb\u00ednala con una p\u00e9rgola o toldo para resguardaros del sol o la lluvia. Tambi\u00e9n instalamos vallas con diferentes estilos. Zona chill out con encanto. Una comunidad nunca hab\u00eda sido tan perfecta como cuando se junta la tarima y el verde de Quercus Jardiners.<\/p>\n\t<a href=\"https:\/\/quercusjardiners.com\/ca\/contacte\/\" target=\"_self\" role=\"button\">\n\t\t\t\t\tMe interesa\n\t<\/a>\n<h4>\n\tPide presupuesto sin compromiso\n\t<\/h4>\n\t\n<div class=\"wpcf7 no-js\" id=\"wpcf7-f17228-o1\" lang=\"es-ES\" dir=\"ltr\" data-wpcf7-id=\"17228\">\n<div class=\"screen-reader-response\"><p role=\"status\" aria-live=\"polite\" aria-atomic=\"true\"><\/p> <ul><\/ul><\/div>\n<form action=\"\/ca\/wp-json\/wp\/v2\/pages\/19519#wpcf7-f17228-o1\" method=\"post\" class=\"wpcf7-form init\" aria-label=\"Formulario de contacto\" novalidate=\"novalidate\" data-status=\"init\">\n<fieldset class=\"hidden-fields-container\"><input type=\"hidden\" name=\"_wpcf7\" value=\"17228\" \/><input type=\"hidden\" name=\"_wpcf7_version\" value=\"6.1.5\" \/><input type=\"hidden\" name=\"_wpcf7_locale\" value=\"es_ES\" \/><input type=\"hidden\" name=\"_wpcf7_unit_tag\" value=\"wpcf7-f17228-o1\" \/><input type=\"hidden\" name=\"_wpcf7_container_post\" value=\"0\" \/><input type=\"hidden\" name=\"_wpcf7_posted_data_hash\" value=\"\" \/><input type=\"hidden\" name=\"_wpcf7_recaptcha_response\" value=\"\" \/>\n<\/fieldset>\n<div id=\"responsive-form\" class=\"clearfix\">\n\t<div class=\"form-row\">\n\t\t<div class=\"column-half\">\n\t\t\t<p><span class=\"wpcf7-form-control-wrap\" data-name=\"your-name\"><input size=\"40\" maxlength=\"400\" class=\"wpcf7-form-control wpcf7-text wpcf7-validates-as-required\" aria-required=\"true\" aria-invalid=\"false\" placeholder=\"Nombre y Apellidos*\" value=\"\" type=\"text\" name=\"your-name\" \/><\/span>\n\t\t\t<\/p>\n\t\t<\/div>\n\t\t<div class=\"column-half\">\n\t\t\t<p><span class=\"wpcf7-form-control-wrap\" data-name=\"your-email\"><input size=\"40\" maxlength=\"400\" class=\"wpcf7-form-control wpcf7-email wpcf7-validates-as-required wpcf7-text wpcf7-validates-as-email\" aria-required=\"true\" aria-invalid=\"false\" placeholder=\"Email*\" value=\"\" type=\"email\" name=\"your-email\" \/><\/span>\n\t\t\t<\/p>\n\t\t<\/div>\n\t<\/div>\n\t<div class=\"form-row\">\n\t\t<div class=\"column-half\">\n\t\t\t<p><span class=\"wpcf7-form-control-wrap\" data-name=\"Telefono\"><input size=\"40\" maxlength=\"400\" class=\"wpcf7-form-control wpcf7-tel wpcf7-validates-as-required wpcf7-text wpcf7-validates-as-tel\" aria-required=\"true\" aria-invalid=\"false\" placeholder=\"Tel\u00e9fono*\" value=\"\" type=\"tel\" name=\"Telefono\" \/><\/span>\n\t\t\t<\/p>\n\t\t<\/div>\n\t\t<div class=\"column-half\">\n\t\t\t<p><span class=\"wpcf7-form-control-wrap\" data-name=\"servicios\"><select class=\"wpcf7-form-control wpcf7-select wpcf7-validates-as-required\" aria-required=\"true\" aria-invalid=\"false\" name=\"servicios\"><option value=\"\">Tipo de servicio*<\/option><option value=\"Mantenimiento\">Mantenimiento<\/option><option value=\"Jardines y Terrazas\">Jardines y Terrazas<\/option><option value=\"C\u00e9sped artificial\">C\u00e9sped artificial<\/option><option value=\"Tarimas y p\u00e9rgolas\">Tarimas y p\u00e9rgolas<\/option><option value=\"C\u00e9sped deportivo artificial\">C\u00e9sped deportivo artificial<\/option><option value=\"Otro\">Otro<\/option><\/select><\/span>\n\t\t\t<\/p>\n\t\t<\/div>\n\t<\/div>\n\t<div class=\"form-row\">\n\t\t<div class=\"column-full\">\n\t\t\t<p><span><small><span class=\"wpcf7-form-control-wrap\" data-name=\"acceptance-279\"><span class=\"wpcf7-form-control wpcf7-acceptance\"><span class=\"wpcf7-list-item\"><input type=\"checkbox\" name=\"acceptance-279\" value=\"1\" aria-invalid=\"false\" \/><\/span><\/span><\/span> Usted consiente, a trav\u00e9s de la marcaci\u00f3n de la presente casilla, al tratamiento de sus datos con las finalidades descritas en la <a target=\"_blank\" href=\"http:\/\/quercusjardiners.com\/politica-de-privacidad\">Pol\u00edtica de Privacidad<\/a>.<\/small><\/span>\n\t\t\t<\/p>\n\t\t\t<p><span><small><span class=\"wpcf7-form-control-wrap\" data-name=\"acceptance-414\"><span class=\"wpcf7-form-control wpcf7-acceptance\"><span class=\"wpcf7-list-item\"><input type=\"checkbox\" name=\"acceptance-414\" value=\"1\" aria-invalid=\"false\" \/><\/span><\/span><\/span> Declaro, a trav\u00e9s de la marcaci\u00f3n de la presente casilla, bajo mi propia responsabilidad, tener cumplidos los catorce a\u00f1os de edad, respondiendo de manera exclusiva y personal de la veracidad de dicha declaraci\u00f3n y asumiendo, por ende, las posibles responsabilidades legales al respecto.<\/small><\/span>\n\t\t\t<\/p>\n\t\t\t<p><span><small><span class=\"wpcf7-form-control-wrap\" data-name=\"acceptance-415\"><span class=\"wpcf7-form-control wpcf7-acceptance\"><span class=\"wpcf7-list-item\"><input type=\"checkbox\" name=\"acceptance-415\" value=\"1\" aria-invalid=\"false\" \/><\/span><\/span><\/span> Consiento, a trav\u00e9s de la marcaci\u00f3n de la presente casilla, para la recepci\u00f3n de comunicaciones comerciales y de cortes\u00eda relacionadas con nuestra entidad a trav\u00e9s del tel\u00e9fono, correo postal ordinario, fax, correo electr\u00f3nico o medios de comunicaci\u00f3n electr\u00f3nica equivalentes.<\/small><\/span>\n\t\t\t<\/p>\n\t\t<\/div>\n\t<\/div>\n\t<div class=\"form-row\">\n\t\t<div class=\"column-full\">\n\t\t\t<p><input class=\"wpcf7-form-control wpcf7-submit has-spinner\" type=\"submit\" value=\"Enviar\" \/>\n\t\t\t<\/p>\n\t\t<\/div>\n\t<\/div>\n<\/div><!--end responsive-form--><div class=\"wpcf7-response-output\" aria-hidden=\"true\"><\/div>\n<\/form>\n<\/div>\n\n\n<\/div><!-- .vgblk-rw-wrapper -->","protected":false},"excerpt":{"rendered":"<p>Mantenimiento de jardines y terrazas para tu comunidad de propietarios Quercus Jardiners realiza el mantenimiento de jardines y terrazas comunitarios. Tambi\u00e9n realizamos podas, reemplazamos plantas muertas, quitamos \u00e1rboles y hacemos tratamientos fitosanitarios en caso de que haya una plaga en la zona verde de la comunidad. Lo quiero Dise\u00f1amos espacios exteriores para comunidades \u00bfVas a&#8230;<\/p>\n","protected":false},"author":5,"featured_media":0,"parent":0,"menu_order":0,"comment_status":"closed","ping_status":"closed","template":"","meta":{"inline_featured_image":false,"_monsterinsights_skip_tracking":false,"_monsterinsights_sitenote_active":false,"_monsterinsights_sitenote_note":"","_monsterinsights_sitenote_category":0,"footnotes":""},"class_list":["post-19519","page","type-page","status-publish","hentry"],"aioseo_notices":[],"jetpack_sharing_enabled":true,"_links":{"self":[{"href":"https:\/\/quercusjardiners.com\/ca\/wp-json\/wp\/v2\/pages\/19519","targetHints":{"allow":["GET"]}}],"collection":[{"href":"https:\/\/quercusjardiners.com\/ca\/wp-json\/wp\/v2\/pages"}],"about":[{"href":"https:\/\/quercusjardiners.com\/ca\/wp-json\/wp\/v2\/types\/page"}],"author":[{"embeddable":true,"href":"https:\/\/quercusjardiners.com\/ca\/wp-json\/wp\/v2\/users\/5"}],"replies":[{"embeddable":true,"href":"https:\/\/quercusjardiners.com\/ca\/wp-json\/wp\/v2\/comments?post=19519"}],"version-history":[{"count":1,"href":"https:\/\/quercusjardiners.com\/ca\/wp-json\/wp\/v2\/pages\/19519\/revisions"}],"predecessor-version":[{"id":19520,"href":"https:\/\/quercusjardiners.com\/ca\/wp-json\/wp\/v2\/pages\/19519\/revisions\/19520"}],"wp:attachment":[{"href":"https:\/\/quercusjardiners.com\/ca\/wp-json\/wp\/v2\/media?parent=19519"}],"curies":[{"name":"wp","href":"https:\/\/api.w.org\/{rel}","templated":true}]}}